{"id":55,"date":"2011-09-25T15:30:31","date_gmt":"2011-09-25T15:30:31","guid":{"rendered":"https:\/\/www.simenfalvyagota.hu\/?page_id=55"},"modified":"2019-12-21T13:38:03","modified_gmt":"2019-12-21T12:38:03","slug":"musorajanlat","status":"publish","type":"page","link":"https:\/\/www.simenfalvyagota.hu\/?page_id=55","title":{"rendered":"M\u0171soraj\u00e1nlat"},"content":{"rendered":"\n<h2 class=\"wp-block-heading\"><strong>1. Musical v\u00e1logat\u00e1s<\/strong><\/h2>\n\n\n\n<p style=\"text-align: justify;\">A m\u0171sor sor\u00e1n a legh\u00edresebb \u00e9s legismertebb vil\u00e1gsl\u00e1gerek, musicalr\u00e9szletek hangzanak el.<\/p>\n\n\n\n<h2 class=\"wp-block-heading\"><strong>2. Sanzon est<\/strong><\/h2>\n\n\n<p style=\"text-align: justify;\">Az est tartalma a legh\u00edresebb francia sanzonok, t\u00f6bbek k\u00f6z\u00f6tt Edith Piaf, Yves Montand, Charles Aznavour sl\u00e1gerei. K\u00f6zrem\u0171k\u00f6dik Berec P\u00e9ter harmonikam\u0171v\u00e9sz.<\/p>\n\n\n<h2 class=\"wp-block-heading\"><strong>3. Abba Show<\/strong><\/h2>\n\n\n<p style=\"text-align: justify;\">Janza Kata \u00e9s Sim\u00e9nfaly \u00c1gota showm\u0171sora, az Abba egy\u00fcttes legh\u00edresebb dalaival.<\/p>\n\n\n<h2 class=\"wp-block-heading\"><strong>4. Gyermekm\u0171sor<\/strong><\/h2>\n\n\n<p style=\"text-align: justify;\">Az \u00d6r\u00f6kre Sz\u00e9pek c\u00edm\u0171 meselemez dalainak j\u00e1t\u00e9kos el\u0151ad\u00e1sa, kicsiknek \u00e9s nagyoknak Farkas G\u00e1bor G\u00e1briellel.<\/p>\n\n\n<h2 class=\"wp-block-heading\"><strong>Aj\u00e1nlatk\u00e9r\u00e9s<\/strong><\/h2>\n\n\n<p style=\"text-align: justify;\"><strong>E-mail:<\/strong> info [kukac] simenfalvyagota [pont] hu<br><strong>Mobil:<\/strong> +36-70-249-4924 , Vida Zolt\u00e1n programszervez\u0151<\/p>","protected":false},"excerpt":{"rendered":"<p>1. Musical v\u00e1logat\u00e1s A m\u0171sor sor\u00e1n a legh\u00edresebb \u00e9s legismertebb vil\u00e1gsl\u00e1gerek, musicalr\u00e9szletek hangzanak el. 2. Sanzon est Az est tartalma a legh\u00edresebb francia sanzonok, t\u00f6bbek k\u00f6z\u00f6tt Edith Piaf, Yves Montand, Charles Aznavour sl\u00e1gerei. K\u00f6zrem\u0171k\u00f6dik Berec P\u00e9ter harmonikam\u0171v\u00e9sz. 3. Abba Show Janza Kata \u00e9s Sim\u00e9nfaly \u00c1gota showm\u0171sora, az Abba egy\u00fcttes legh\u00edresebb dalaival. 4. Gyermekm\u0171sor Az \u00d6r\u00f6kre &hellip; <\/p>\n<p class=\"link-more\"><a href=\"https:\/\/www.simenfalvyagota.hu\/?page_id=55\" class=\"more-link\"><span class=\"screen-reader-text\">&#8222;M\u0171soraj\u00e1nlat&#8221;<\/span> b\u0151vebben<\/a><\/p>\n","protected":false},"author":2,"featured_media":0,"parent":0,"menu_order":13,"comment_status":"closed","ping_status":"closed","template":"","meta":{"ngg_post_thumbnail":0,"footnotes":""},"_links":{"self":[{"href":"https:\/\/www.simenfalvyagota.hu\/index.php?rest_route=\/wp\/v2\/pages\/55"}],"collection":[{"href":"https:\/\/www.simenfalvyagota.hu\/index.php?rest_route=\/wp\/v2\/pages"}],"about":[{"href":"https:\/\/www.simenfalvyagota.hu\/index.php?rest_route=\/wp\/v2\/types\/page"}],"author":[{"embeddable":true,"href":"https:\/\/www.simenfalvyagota.hu\/index.php?rest_route=\/wp\/v2\/users\/2"}],"replies":[{"embeddable":true,"href":"https:\/\/www.simenfalvyagota.hu\/index.php?rest_route=%2Fwp%2Fv2%2Fcomments&post=55"}],"version-history":[{"count":14,"href":"https:\/\/www.simenfalvyagota.hu\/index.php?rest_route=\/wp\/v2\/pages\/55\/revisions"}],"predecessor-version":[{"id":1022,"href":"https:\/\/www.simenfalvyagota.hu\/index.php?rest_route=\/wp\/v2\/pages\/55\/revisions\/1022"}],"wp:attachment":[{"href":"https:\/\/www.simenfalvyagota.hu\/index.php?rest_route=%2Fwp%2Fv2%2Fmedia&parent=55"}],"curies":[{"name":"wp","href":"https:\/\/api.w.org\/{rel}","templated":true}]}}